{"id":155,"date":"2018-12-20T13:17:25","date_gmt":"2018-12-20T12:17:25","guid":{"rendered":"http:\/\/dsg.koeln\/?page_id=155"},"modified":"2018-12-20T13:41:26","modified_gmt":"2018-12-20T12:41:26","slug":"mittsommer","status":"publish","type":"page","link":"https:\/\/dsg.koeln\/sv\/mittsommer\/","title":{"rendered":"Midsommar"},"content":{"rendered":"\n<p>TYSK-SVENKSKA F\u00d6RENINGEN I K\u00d6LN  e.V. firar traditionellt sin midsommar en vecka f\u00f6re Sveriges midsommar. Det exakta datumet finns p\u00e5 sidan <a href=\".\/termine\">Termine<\/a>.<\/p>\n\n\n\n<p><br>Hela saken har p\u00e5g\u00e5tt i m\u00e5nga \u00e5r p\u00e5 en \u00e4ng med gamla tr\u00e4d i K\u00f6ln-Rodenkirchen vid Rhen. Eftermiddagen b\u00f6rjar ca 2 pm med midsommarst\u00e5ngens adorning, f\u00f6ljt av en svensksvensk h\u00e4ngivenhet av en svensktalande pastor. <\/p>\n\n\n\n<p>Under n\u00e5gra \u00e5r har vi blivit inbjudna av en musikgrupp best\u00e5ende av f\u00f6r\u00e4ldrar till elever p\u00e5 den svenska skolan f\u00f6r att dansa. Det finns gott om lek och underh\u00e5llning f\u00f6r barnen.<\/p>\n\n\n\n<p><br>Vi ber att ta med egna sittplatser, campingstolar eller filtar till gr\u00e4smattan och en fylld picknickkorg, fr\u00e5n vilken grannarna p\u00e5 gr\u00e4smattan vill f\u00e5 n\u00e5got. <\/p>\n\n\n\n<p>En grill finns till f\u00f6rf\u00f6ljer korv eller grillat k\u00f6tt. Saft, K\u00f6lsch och kaffe erbjuds till m\u00e5ttliga priser.<br>Registrering kr\u00e4vs ocks\u00e5 h\u00e4r i styrelsen och assistans \u00e4r alltid v\u00e4lkommen.<\/p>\n","protected":false},"excerpt":{"rendered":"<p>TYSK-SVENKSKA F\u00d6RENINGEN I K\u00d6LN e.V. firar traditionellt sin midsommar en vecka f\u00f6re Sveriges midsommar. Det exakta datumet finns p\u00e5 sidan&hellip;<\/p>\n","protected":false},"author":1,"featured_media":0,"parent":0,"menu_order":0,"comment_status":"closed","ping_status":"closed","template":"","meta":{"footnotes":""},"class_list":["post-155","page","type-page","status-publish","hentry"],"translation":{"provider":"WPGlobus","version":"3.0.2","language":"sv","enabled_languages":["de","sv"],"languages":{"de":{"title":true,"content":true,"excerpt":false},"sv":{"title":true,"content":true,"excerpt":false}}},"_links":{"self":[{"href":"https:\/\/dsg.koeln\/sv\/wp-json\/wp\/v2\/pages\/155","targetHints":{"allow":["GET"]}}],"collection":[{"href":"https:\/\/dsg.koeln\/sv\/wp-json\/wp\/v2\/pages"}],"about":[{"href":"https:\/\/dsg.koeln\/sv\/wp-json\/wp\/v2\/types\/page"}],"author":[{"embeddable":true,"href":"https:\/\/dsg.koeln\/sv\/wp-json\/wp\/v2\/users\/1"}],"replies":[{"embeddable":true,"href":"https:\/\/dsg.koeln\/sv\/wp-json\/wp\/v2\/comments?post=155"}],"version-history":[{"count":5,"href":"https:\/\/dsg.koeln\/sv\/wp-json\/wp\/v2\/pages\/155\/revisions"}],"predecessor-version":[{"id":172,"href":"https:\/\/dsg.koeln\/sv\/wp-json\/wp\/v2\/pages\/155\/revisions\/172"}],"wp:attachment":[{"href":"https:\/\/dsg.koeln\/sv\/wp-json\/wp\/v2\/media?parent=155"}],"curies":[{"name":"wp","href":"https:\/\/api.w.org\/{rel}","templated":true}]}}